{"version":"1.0","provider_name":"Actualit\u00e9s congolaises et internationales","provider_url":"https:\/\/congovirtuel.com\/information","author_name":"infocongovirtuel","author_url":"https:\/\/congovirtuel.com\/information\/author\/infocongovirtuel\/","title":"Le couturier fran\u00e7ais Pierre Cardin est mort - Actualit\u00e9s congolaises et internationales","type":"rich","width":600,"height":338,"html":"<blockquote class=\"wp-embedded-content\" data-secret=\"Ct0dqCIJJE\"><a href=\"https:\/\/congovirtuel.com\/information\/le-couturier-francais-pierre-cardin-est-mort\/\">Le couturier fran\u00e7ais Pierre Cardin est mort<\/a><\/blockquote><iframe sandbox=\"allow-scripts\" security=\"restricted\" src=\"https:\/\/congovirtuel.com\/information\/le-couturier-francais-pierre-cardin-est-mort\/embed\/#?secret=Ct0dqCIJJE\" width=\"600\" height=\"338\" title=\"\u00ab\u00a0Le couturier fran\u00e7ais Pierre Cardin est mort\u00a0\u00bb &#8212; Actualit\u00e9s congolaises et internationales\" data-secret=\"Ct0dqCIJJE\" frameborder=\"0\" marginwidth=\"0\" marginheight=\"0\" scrolling=\"no\" class=\"wp-embedded-content\"><\/iframe><script type=\"text\/javascript\">\n\/* <![CDATA[ *\/\n\/*! This file is auto-generated *\/\n!function(d,l){\"use strict\";l.querySelector&&d.addEventListener&&\"undefined\"!=typeof URL&&(d.wp=d.wp||{},d.wp.receiveEmbedMessage||(d.wp.receiveEmbedMessage=function(e){var t=e.data;if((t||t.secret||t.message||t.value)&&!\/[^a-zA-Z0-9]\/.test(t.secret)){for(var s,r,n,a=l.querySelectorAll('iframe[data-secret=\"'+t.secret+'\"]'),o=l.querySelectorAll('blockquote[data-secret=\"'+t.secret+'\"]'),c=new RegExp(\"^https?:$\",\"i\"),i=0;i<o.length;i++)o[i].style.display=\"none\";for(i=0;i<a.length;i++)s=a[i],e.source===s.contentWindow&&(s.removeAttribute(\"style\"),\"height\"===t.message?(1e3<(r=parseInt(t.value,10))?r=1e3:~~r<200&&(r=200),s.height=r):\"link\"===t.message&&(r=new URL(s.getAttribute(\"src\")),n=new URL(t.value),c.test(n.protocol))&&n.host===r.host&&l.activeElement===s&&(d.top.location.href=t.value))}},d.addEventListener(\"message\",d.wp.receiveEmbedMessage,!1),l.addEventListener(\"DOMContentLoaded\",function(){for(var e,t,s=l.querySelectorAll(\"iframe.wp-embedded-content\"),r=0;r<s.length;r++)(t=(e=s[r]).getAttribute(\"data-secret\"))||(t=Math.random().toString(36).substring(2,12),e.src+=\"#?secret=\"+t,e.setAttribute(\"data-secret\",t)),e.contentWindow.postMessage({message:\"ready\",secret:t},\"*\")},!1)))}(window,document);\n\/\/# sourceURL=https:\/\/congovirtuel.com\/information\/wp-includes\/js\/wp-embed.min.js\n\/* ]]> *\/\n<\/script>\n","thumbnail_url":"https:\/\/congovirtuel.com\/information\/wp-content\/uploads\/2020\/12\/pierre_cardin-1200-x-675.jpg","thumbnail_width":1200,"thumbnail_height":675,"description":"Le couturier fran\u00e7ais Pierre Cardin, styliste visionnaire et pionnier du pr\u00eat-\u00e0-porter, est d\u00e9c\u00e9d\u00e9 mardi \u00e0 l\u2019\u00e2ge de 98 ans, a annonc\u00e9 sa famille \u00e0 l\u2019AFP. Fils d\u2019immigr\u00e9s italiens devenu un homme d\u2019affaires au nom mondialement connu, Pierre Cardin est mort dans la matin\u00e9e \u00e0 l\u2019h\u00f4pital am\u00e9ricain de Neuilly, dans l\u2019ouest de Paris. Lesoir"}