{"version":"1.0","provider_name":"Actualit\u00e9s congolaises et internationales","provider_url":"https:\/\/congovirtuel.com\/information","author_name":"infocongovirtuel","author_url":"https:\/\/congovirtuel.com\/information\/author\/infocongovirtuel\/","title":"Les Gabonais \u00ab s\u00e9questr\u00e9s \u00bb \u00e0 l\u2019a\u00e9roport en Gambie ! - Actualit\u00e9s congolaises et internationales","type":"rich","width":600,"height":338,"html":"<blockquote class=\"wp-embedded-content\" data-secret=\"ADnvfjl1Av\"><a href=\"https:\/\/congovirtuel.com\/information\/les-gabonais-sequestres-a-laeroport-en-gambie\/\">Les Gabonais \u00ab s\u00e9questr\u00e9s \u00bb \u00e0 l\u2019a\u00e9roport en Gambie !<\/a><\/blockquote><iframe sandbox=\"allow-scripts\" security=\"restricted\" src=\"https:\/\/congovirtuel.com\/information\/les-gabonais-sequestres-a-laeroport-en-gambie\/embed\/#?secret=ADnvfjl1Av\" width=\"600\" height=\"338\" title=\"\u00ab\u00a0Les Gabonais \u00ab s\u00e9questr\u00e9s \u00bb \u00e0 l\u2019a\u00e9roport en Gambie !\u00a0\u00bb &#8212; Actualit\u00e9s congolaises et internationales\" data-secret=\"ADnvfjl1Av\" frameborder=\"0\" marginwidth=\"0\" marginheight=\"0\" scrolling=\"no\" class=\"wp-embedded-content\"><\/iframe><script type=\"text\/javascript\">\n\/* <![CDATA[ *\/\n\/*! This file is auto-generated *\/\n!function(d,l){\"use strict\";l.querySelector&&d.addEventListener&&\"undefined\"!=typeof URL&&(d.wp=d.wp||{},d.wp.receiveEmbedMessage||(d.wp.receiveEmbedMessage=function(e){var t=e.data;if((t||t.secret||t.message||t.value)&&!\/[^a-zA-Z0-9]\/.test(t.secret)){for(var s,r,n,a=l.querySelectorAll('iframe[data-secret=\"'+t.secret+'\"]'),o=l.querySelectorAll('blockquote[data-secret=\"'+t.secret+'\"]'),c=new RegExp(\"^https?:$\",\"i\"),i=0;i<o.length;i++)o[i].style.display=\"none\";for(i=0;i<a.length;i++)s=a[i],e.source===s.contentWindow&&(s.removeAttribute(\"style\"),\"height\"===t.message?(1e3<(r=parseInt(t.value,10))?r=1e3:~~r<200&&(r=200),s.height=r):\"link\"===t.message&&(r=new URL(s.getAttribute(\"src\")),n=new URL(t.value),c.test(n.protocol))&&n.host===r.host&&l.activeElement===s&&(d.top.location.href=t.value))}},d.addEventListener(\"message\",d.wp.receiveEmbedMessage,!1),l.addEventListener(\"DOMContentLoaded\",function(){for(var e,t,s=l.querySelectorAll(\"iframe.wp-embedded-content\"),r=0;r<s.length;r++)(t=(e=s[r]).getAttribute(\"data-secret\"))||(t=Math.random().toString(36).substring(2,12),e.src+=\"#?secret=\"+t,e.setAttribute(\"data-secret\",t)),e.contentWindow.postMessage({message:\"ready\",secret:t},\"*\")},!1)))}(window,document);\n\/\/# sourceURL=https:\/\/congovirtuel.com\/information\/wp-includes\/js\/wp-embed.min.js\n\/* ]]> *\/\n<\/script>\n","thumbnail_url":"https:\/\/congovirtuel.com\/information\/wp-content\/uploads\/2020\/11\/gabonais.jpg","thumbnail_width":720,"thumbnail_height":360,"description":"Pierre-Emerick Aubameyang et ses co\u00e9quipiers ont pass\u00e9 \u00e0 la nuit \u00e0 l\u2019a\u00e9roport de Banjul, retenus \u00ab&nbsp;en otage&nbsp;\u00bb par les autorit\u00e9s gambiennes. Le Gabon et la Gambie s\u2019affrontent ce lundi en \u00e9liminatoires de la CAN. \u00ab\u00a0On dirait que nous sommes de retour dans les ann\u00e9es 90.\u00a0\u00bb\u00a0La formule est sign\u00e9e de Pierre-Emerick Aubameyang. Dimanche soir, et jusqu\u2019\u00e0 lundi matin, l\u2019attaquant gabonais et ses co\u00e9quipiers ont \u00e9t\u00e9 contraints de patienter de longues heures, \u00e0 l\u2019a\u00e9roport de Banjul, \u00e0 leur arriv\u00e9e en Gambie. Pour une raison inconnue. Sur Facebook, la f\u00e9d\u00e9ration gabonaise a relay\u00e9\u00a0les&hellip;"}