{"version":"1.0","provider_name":"Actualit\u00e9s congolaises et internationales","provider_url":"https:\/\/congovirtuel.com\/information","author_name":"infocongovirtuel","author_url":"https:\/\/congovirtuel.com\/information\/author\/infocongovirtuel\/","title":"RDC: Le pari \u2026 risqu\u00e9 du Ra\u00efs - Actualit\u00e9s congolaises et internationales","type":"rich","width":600,"height":338,"html":"<blockquote class=\"wp-embedded-content\" data-secret=\"qT1tOz3MlD\"><a href=\"https:\/\/congovirtuel.com\/information\/rdc-le-pari-risque-du-rais\/\">RDC: Le pari \u2026 risqu\u00e9 du Ra\u00efs<\/a><\/blockquote><iframe sandbox=\"allow-scripts\" security=\"restricted\" src=\"https:\/\/congovirtuel.com\/information\/rdc-le-pari-risque-du-rais\/embed\/#?secret=qT1tOz3MlD\" width=\"600\" height=\"338\" title=\"\u00ab\u00a0RDC: Le pari \u2026 risqu\u00e9 du Ra\u00efs\u00a0\u00bb &#8212; Actualit\u00e9s congolaises et internationales\" data-secret=\"qT1tOz3MlD\" frameborder=\"0\" marginwidth=\"0\" marginheight=\"0\" scrolling=\"no\" class=\"wp-embedded-content\"><\/iframe><script type=\"text\/javascript\">\n\/* <![CDATA[ *\/\n\/*! This file is auto-generated *\/\n!function(d,l){\"use strict\";l.querySelector&&d.addEventListener&&\"undefined\"!=typeof URL&&(d.wp=d.wp||{},d.wp.receiveEmbedMessage||(d.wp.receiveEmbedMessage=function(e){var t=e.data;if((t||t.secret||t.message||t.value)&&!\/[^a-zA-Z0-9]\/.test(t.secret)){for(var s,r,n,a=l.querySelectorAll('iframe[data-secret=\"'+t.secret+'\"]'),o=l.querySelectorAll('blockquote[data-secret=\"'+t.secret+'\"]'),c=new RegExp(\"^https?:$\",\"i\"),i=0;i<o.length;i++)o[i].style.display=\"none\";for(i=0;i<a.length;i++)s=a[i],e.source===s.contentWindow&&(s.removeAttribute(\"style\"),\"height\"===t.message?(1e3<(r=parseInt(t.value,10))?r=1e3:~~r<200&&(r=200),s.height=r):\"link\"===t.message&&(r=new URL(s.getAttribute(\"src\")),n=new URL(t.value),c.test(n.protocol))&&n.host===r.host&&l.activeElement===s&&(d.top.location.href=t.value))}},d.addEventListener(\"message\",d.wp.receiveEmbedMessage,!1),l.addEventListener(\"DOMContentLoaded\",function(){for(var e,t,s=l.querySelectorAll(\"iframe.wp-embedded-content\"),r=0;r<s.length;r++)(t=(e=s[r]).getAttribute(\"data-secret\"))||(t=Math.random().toString(36).substring(2,12),e.src+=\"#?secret=\"+t,e.setAttribute(\"data-secret\",t)),e.contentWindow.postMessage({message:\"ready\",secret:t},\"*\")},!1)))}(window,document);\n\/\/# sourceURL=https:\/\/congovirtuel.com\/information\/wp-includes\/js\/wp-embed.min.js\n\/* ]]> *\/\n<\/script>\n","thumbnail_url":"https:\/\/congovirtuel.com\/information\/wp-content\/uploads\/2021\/04\/Kabila6-1200-x-600.jpg","thumbnail_width":1200,"thumbnail_height":600,"description":"A n\u2019en point douter. Il y aura une avant et une apr\u00e8s- entr\u00e9e en sc\u00e8ne de Joseph Kabila. Ce sera donc peu de pr\u00e9dire que ce come-back va rebattre les cartes politiques. Et que les lignes vont bouger. L\u2019homme qui effectue sa rentr\u00e9e politique n\u2019est, \u00e0 l\u2019\u00e9vidence, pas n\u2019importe qui. Est-il encore besoin de rappeler qu\u2019il a \u00e9t\u00e9 l\u2019alpha et l\u2019om\u00e9ga de la vie politico-institutionnelle du pays durant deux d\u00e9cennies. Faisant et d\u00e9faisant l\u2019essentiel de l\u2019establishment politico- militaire. Lorsque depuis son sanctuaire de Kingakati o\u00f9 il vit quasiment en ermite,&hellip;"}