{"version":"1.0","provider_name":"Actualit\u00e9s congolaises et internationales","provider_url":"https:\/\/congovirtuel.com\/information","author_name":"infocongovirtuel","author_url":"https:\/\/congovirtuel.com\/information\/author\/infocongovirtuel\/","title":"Setien officiellement d\u00e9barqu\u00e9 - Actualit\u00e9s congolaises et internationales","type":"rich","width":600,"height":338,"html":"<blockquote class=\"wp-embedded-content\" data-secret=\"KCspX6lxO2\"><a href=\"https:\/\/congovirtuel.com\/information\/setien-officiellement-debarque\/\">Setien officiellement d\u00e9barqu\u00e9<\/a><\/blockquote><iframe sandbox=\"allow-scripts\" security=\"restricted\" src=\"https:\/\/congovirtuel.com\/information\/setien-officiellement-debarque\/embed\/#?secret=KCspX6lxO2\" width=\"600\" height=\"338\" title=\"\u00ab\u00a0Setien officiellement d\u00e9barqu\u00e9\u00a0\u00bb &#8212; Actualit\u00e9s congolaises et internationales\" data-secret=\"KCspX6lxO2\" frameborder=\"0\" marginwidth=\"0\" marginheight=\"0\" scrolling=\"no\" class=\"wp-embedded-content\"><\/iframe><script type=\"text\/javascript\">\n\/* <![CDATA[ *\/\n\/*! This file is auto-generated *\/\n!function(d,l){\"use strict\";l.querySelector&&d.addEventListener&&\"undefined\"!=typeof URL&&(d.wp=d.wp||{},d.wp.receiveEmbedMessage||(d.wp.receiveEmbedMessage=function(e){var t=e.data;if((t||t.secret||t.message||t.value)&&!\/[^a-zA-Z0-9]\/.test(t.secret)){for(var s,r,n,a=l.querySelectorAll('iframe[data-secret=\"'+t.secret+'\"]'),o=l.querySelectorAll('blockquote[data-secret=\"'+t.secret+'\"]'),c=new RegExp(\"^https?:$\",\"i\"),i=0;i<o.length;i++)o[i].style.display=\"none\";for(i=0;i<a.length;i++)s=a[i],e.source===s.contentWindow&&(s.removeAttribute(\"style\"),\"height\"===t.message?(1e3<(r=parseInt(t.value,10))?r=1e3:~~r<200&&(r=200),s.height=r):\"link\"===t.message&&(r=new URL(s.getAttribute(\"src\")),n=new URL(t.value),c.test(n.protocol))&&n.host===r.host&&l.activeElement===s&&(d.top.location.href=t.value))}},d.addEventListener(\"message\",d.wp.receiveEmbedMessage,!1),l.addEventListener(\"DOMContentLoaded\",function(){for(var e,t,s=l.querySelectorAll(\"iframe.wp-embedded-content\"),r=0;r<s.length;r++)(t=(e=s[r]).getAttribute(\"data-secret\"))||(t=Math.random().toString(36).substring(2,12),e.src+=\"#?secret=\"+t,e.setAttribute(\"data-secret\",t)),e.contentWindow.postMessage({message:\"ready\",secret:t},\"*\")},!1)))}(window,document);\n\/\/# sourceURL=https:\/\/congovirtuel.com\/information\/wp-includes\/js\/wp-embed.min.js\n\/* ]]> *\/\n<\/script>\n","thumbnail_url":"https:\/\/congovirtuel.com\/information\/wp-content\/uploads\/2020\/08\/Quique-Setien-750x368-1.jpg","thumbnail_width":750,"thumbnail_height":368,"description":"Qui dit saison blanche en Catalogne dit changement d\u2019entra\u00eeneur. Quique Setien n\u2019est officiellement plus celui du&nbsp;FC Barcelone. Le pr\u00e9sident Bartomeu avait pris les devants ce lundi en annon\u00e7ant via la Cadena Cope le d\u00e9part de Quique Setien, la nouvelle est d\u00e9sormais officielle. Le FC Barcelone se fend d\u2019un communiqu\u00e9 ce soir pour confirmer le d\u00e9part de son entra\u00eeneur arriv\u00e9 sur le banc le 13 janvier dernier. \u00ab&nbsp;Il s\u2019agit de la premi\u00e8re d\u00e9cision prise concernant la large restructuration de l\u2019\u00e9quipe premi\u00e8re du Bar\u00e7a, qui se fera en accord avec l\u2019actuelle Direction&hellip;"}